{"id":1731,"date":"2022-12-29T09:36:34","date_gmt":"2022-12-29T09:36:34","guid":{"rendered":"https:\/\/adeyco.com\/servicios\/"},"modified":"2023-03-06T09:42:41","modified_gmt":"2023-03-06T09:42:41","slug":"serveis","status":"publish","type":"page","link":"https:\/\/adeyco.com\/ca\/serveis\/","title":{"rendered":"Serveis"},"content":{"rendered":"<div class=\"wpb-content-wrapper\"><p>[vc_row full_width=&#8221;stretch_row_content_no_spaces&#8221; css=&#8221;.vc_custom_1674460727240{padding-right: 20px !important;padding-left: 20px !important;background-color: #fafafa !important;}&#8221;][vc_column][vc_empty_space height=&#8221;1.8em&#8221;]<div id=\"sc_services_1989660442_wrap\" class=\"sc_services_wrap\"><div id=\"sc_services_1989660442\" class=\"sc_services sc_services_style_services-1 sc_services_type_images  margin_top_huge margin_bottom_null\" style=\"width:100%;\"><h2 class=\"sc_services_title sc_item_title\">Els nostres serveis<\/h2><div class=\"sc_services_descr sc_item_descr\">Adeyco li ofereix un ampli ventall de serveis per a cobrir les seves necessitats empresarials<\/div><div class=\"sc_columns columns_wrap\"><div class=\"column-1_5 column_padding_bottom\">\t\t\t<div id=\"sc_services_1989660442_1\"\t\t\t\tclass=\"sc_services_item sc_services_item_1 odd first\"\n\t\t\t\t>\n\t\t\t\t\t\t\t\t\t<div class=\"sc_services_item_featured post_featured\">\n\t\t\t\t\t\t\t<div class=\"post_thumb\" data-image=\"https:\/\/adeyco.com\/wp-content\/uploads\/2016\/04\/Adeyco-Asesoramiento-Mercantil-scaled-e1677755284908.jpg\" data-title=\"Assessorament comptable\">\n\t<a class=\"hover_icon hover_icon_link\" href=\"https:\/\/adeyco.com\/ca\/services\/assessorament-comptable\/\"><img loading=\"lazy\" decoding=\"async\" class=\"wp-post-image\" width=\"370\" height=\"270\" alt=\"Assessorament comptable\" src=\"https:\/\/adeyco.com\/wp-content\/uploads\/2016\/04\/Adeyco-Asesoramiento-Mercantil-scaled-e1677755284908-370x270.jpg\"><\/a>\t<\/div>\n\t\t\t\t\t\t<\/div>\n\t\t\t\t\t\t\t\t\t<div class=\"sc_services_item_content\">\n\t\t\t\t\t<h4 class=\"sc_services_item_title\"><a href=\"https:\/\/adeyco.com\/ca\/services\/assessorament-comptable\/\">Assessorament comptable<\/a><\/h4>\t\t\t\t\t<div class=\"sc_services_item_description\">\n\t\t\t\t\t\t<p>[vc_row][vc_column][vc_empty_space height=&#8221;2em&#8221;][vc_empty_space height=&#8221;2em&#8221;][\/vc_column][\/vc_row][vc_row...<\/p>\t\t\t\t\t<\/div>\n\t\t\t\t\t<div class=\"sc_services_item_decoration\"><\/div>\n\t\t\t\t<\/div>\n\t\t\t<\/div>\n\t\t<\/div><div class=\"column-1_5 column_padding_bottom\">\t\t\t<div id=\"sc_services_1989660442_2\"\t\t\t\tclass=\"sc_services_item sc_services_item_2 even\"\n\t\t\t\t>\n\t\t\t\t\t\t\t\t\t<div class=\"sc_services_item_featured post_featured\">\n\t\t\t\t\t\t\t<div class=\"post_thumb\" data-image=\"https:\/\/adeyco.com\/wp-content\/uploads\/2023\/03\/Adeyco-Recepcion-scaled-e1677754745818.jpg\" data-title=\"Assessorament Fiscal\">\n\t<a class=\"hover_icon hover_icon_link\" href=\"https:\/\/adeyco.com\/ca\/services\/assessorament-fiscal\/\"><img loading=\"lazy\" decoding=\"async\" class=\"wp-post-image\" width=\"370\" height=\"270\" alt=\"Assessorament Fiscal\" src=\"https:\/\/adeyco.com\/wp-content\/uploads\/2023\/03\/Adeyco-Recepcion-scaled-e1677754745818-370x270.jpg\"><\/a>\t<\/div>\n\t\t\t\t\t\t<\/div>\n\t\t\t\t\t\t\t\t\t<div class=\"sc_services_item_content\">\n\t\t\t\t\t<h4 class=\"sc_services_item_title\"><a href=\"https:\/\/adeyco.com\/ca\/services\/assessorament-fiscal\/\">Assessorament Fiscal<\/a><\/h4>\t\t\t\t\t<div class=\"sc_services_item_description\">\n\t\t\t\t\t\t<p>[vc_row][vc_column][vc_empty_space height=&#8221;2em&#8221;][vc_row_inner][vc_column_inner width=&#8221;1\/2&#8243;][vc_column_text] &#8211...<\/p>\t\t\t\t\t<\/div>\n\t\t\t\t\t<div class=\"sc_services_item_decoration\"><\/div>\n\t\t\t\t<\/div>\n\t\t\t<\/div>\n\t\t<\/div><div class=\"column-1_5 column_padding_bottom\">\t\t\t<div id=\"sc_services_1989660442_3\"\t\t\t\tclass=\"sc_services_item sc_services_item_3 odd\"\n\t\t\t\t>\n\t\t\t\t\t\t\t\t\t<div class=\"sc_services_item_featured post_featured\">\n\t\t\t\t\t\t\t<div class=\"post_thumb\" data-image=\"https:\/\/adeyco.com\/wp-content\/uploads\/2023\/03\/Adeyco-Despacho-Capellades-2-scaled.jpg\" data-title=\"Assessorament Mercantil\">\n\t<a class=\"hover_icon hover_icon_link\" href=\"https:\/\/adeyco.com\/ca\/services\/assessorament-mercantil\/\"><img loading=\"lazy\" decoding=\"async\" class=\"wp-post-image\" width=\"370\" height=\"270\" alt=\"Assessorament Mercantil\" src=\"https:\/\/adeyco.com\/wp-content\/uploads\/2023\/03\/Adeyco-Despacho-Capellades-2-scaled-370x270.jpg\"><\/a>\t<\/div>\n\t\t\t\t\t\t<\/div>\n\t\t\t\t\t\t\t\t\t<div class=\"sc_services_item_content\">\n\t\t\t\t\t<h4 class=\"sc_services_item_title\"><a href=\"https:\/\/adeyco.com\/ca\/services\/assessorament-mercantil\/\">Assessorament Mercantil<\/a><\/h4>\t\t\t\t\t<div class=\"sc_services_item_description\">\n\t\t\t\t\t\t<p>[vc_row][vc_column][vc_empty_space height=&#8221;2em&#8221;][vc_empty_space height=&#8221;2em&#8221;][\/vc_column][\/vc_row][vc_row...<\/p>\t\t\t\t\t<\/div>\n\t\t\t\t\t<div class=\"sc_services_item_decoration\"><\/div>\n\t\t\t\t<\/div>\n\t\t\t<\/div>\n\t\t<\/div><div class=\"column-1_5 column_padding_bottom\">\t\t\t<div id=\"sc_services_1989660442_4\"\t\t\t\tclass=\"sc_services_item sc_services_item_4 even\"\n\t\t\t\t>\n\t\t\t\t\t\t\t\t\t<div class=\"sc_services_item_featured post_featured\">\n\t\t\t\t\t\t\t<div class=\"post_thumb\" data-image=\"https:\/\/adeyco.com\/wp-content\/uploads\/2023\/03\/Adeyco-Escritorio-scaled.jpg\" data-title=\"Assessorament laboral\">\n\t<a class=\"hover_icon hover_icon_link\" href=\"https:\/\/adeyco.com\/ca\/services\/assessorament-laboral\/\"><img loading=\"lazy\" decoding=\"async\" class=\"wp-post-image\" width=\"370\" height=\"270\" alt=\"Assessorament laboral\" src=\"https:\/\/adeyco.com\/wp-content\/uploads\/2023\/03\/Adeyco-Escritorio-scaled-370x270.jpg\"><\/a>\t<\/div>\n\t\t\t\t\t\t<\/div>\n\t\t\t\t\t\t\t\t\t<div class=\"sc_services_item_content\">\n\t\t\t\t\t<h4 class=\"sc_services_item_title\"><a href=\"https:\/\/adeyco.com\/ca\/services\/assessorament-laboral\/\">Assessorament laboral<\/a><\/h4>\t\t\t\t\t<div class=\"sc_services_item_description\">\n\t\t\t\t\t\t<p>[vc_row][vc_column][vc_empty_space height=&#8221;2em&#8221;][vc_empty_space height=&#8221;2em&#8221;][\/vc_column][\/vc_row][vc_row...<\/p>\t\t\t\t\t<\/div>\n\t\t\t\t\t<div class=\"sc_services_item_decoration\"><\/div>\n\t\t\t\t<\/div>\n\t\t\t<\/div>\n\t\t<\/div><div class=\"column-1_5 column_padding_bottom\">\t\t\t<div id=\"sc_services_1989660442_5\"\t\t\t\tclass=\"sc_services_item sc_services_item_5 odd\"\n\t\t\t\t>\n\t\t\t\t\t\t\t\t\t<div class=\"sc_services_item_featured post_featured\">\n\t\t\t\t\t\t\t<div class=\"post_thumb\" data-image=\"https:\/\/adeyco.com\/wp-content\/uploads\/2016\/04\/Despacho-Adeyco-scaled.jpg\" data-title=\"Serveis externs\">\n\t<a class=\"hover_icon hover_icon_link\" href=\"https:\/\/adeyco.com\/ca\/services\/serveis-externs\/\"><img loading=\"lazy\" decoding=\"async\" class=\"wp-post-image\" width=\"370\" height=\"270\" alt=\"Serveis externs\" src=\"https:\/\/adeyco.com\/wp-content\/uploads\/2016\/04\/Despacho-Adeyco-scaled-370x270.jpg\"><\/a>\t<\/div>\n\t\t\t\t\t\t<\/div>\n\t\t\t\t\t\t\t\t\t<div class=\"sc_services_item_content\">\n\t\t\t\t\t<h4 class=\"sc_services_item_title\"><a href=\"https:\/\/adeyco.com\/ca\/services\/serveis-externs\/\">Serveis externs<\/a><\/h4>\t\t\t\t\t<div class=\"sc_services_item_description\">\n\t\t\t\t\t\t<p>[vc_row][vc_column][vc_empty_space height=&#8221;2em&#8221;][vc_empty_space height=&#8221;15px&#8221;][\/vc_column][\/vc_row][vc_row...<\/p>\t\t\t\t\t<\/div>\n\t\t\t\t\t<div class=\"sc_services_item_decoration\"><\/div>\n\t\t\t\t<\/div>\n\t\t\t<\/div>\n\t\t<\/div><\/div><\/div><!-- \/.sc_services --><\/div><!-- \/.sc_services_wrap -->[\/vc_column][\/vc_row][vc_row full_width=&#8221;stretch_row&#8221; inverse=&#8221;&#8221; css=&#8221;.vc_custom_1674464714143{background-color: #ffffff !important;}&#8221;][vc_column][vc_empty_space height=&#8221;50px&#8221;]<div id=\"sc_blogger_94740031\" class=\"sc_blogger layout_classic_3 template_masonry  sc_blogger_horizontal no_description\"><h2 class=\"sc_blogger_title sc_item_title\">Actualitat<\/h2><div class=\"sc_blogger_descr sc_item_descr\">En Adeyco treballem di\u00e0riament perqu\u00e8 els nostres clients estiguin informats de tot<\/div><div class=\"isotope_wrap\" data-columns=\"3\">\t\t<div class=\"isotope_item isotope_item_classic isotope_item_classic_3 isotope_column_3 \t\t\t\t\t\">\n\t\t\t<div class=\"post_item post_item_classic post_item_classic_3\t\t\t\t  post_format_gallery odd\">\n\t\t\t\t\n\t\t\t\t\t\t\t\t\t<div class=\"post_featured\">\n\t\t\t\t\t\t\t<div class=\"post_thumb\" data-image=\"https:\/\/adeyco.com\/wp-content\/uploads\/2023\/02\/ADEYCO-Impuesto-ambiental-sobre-los-envases-no-reutilizables-scaled.jpg\" data-title=\"Impuesto ambiental sobre los envases de  pl\u00e1stico no reutilizable\">\n\t<a class=\"hover_icon hover_icon_link\" href=\"https:\/\/adeyco.com\/ca\/impuesto-ambiental-sobre-los-envases-de-plastico-no-reutilizable\/\"><img loading=\"lazy\" decoding=\"async\" class=\"wp-post-image\" width=\"370\" height=\"270\" alt=\"Impuesto ambiental sobre los envases de  pl\u00e1stico no reutilizable\" src=\"https:\/\/adeyco.com\/wp-content\/uploads\/2023\/02\/ADEYCO-Impuesto-ambiental-sobre-los-envases-no-reutilizables-scaled-370x270.jpg\"><\/a>\t<\/div>\n\t\t\t\t\t\t\t\t<div class=\"cat_post_info\"><span\n\t\t\t\t\t\t\t\t\tclass=\"post_categories\"><a class=\"category_link\" href=\"https:\/\/adeyco.com\/ca\/category\/facturas-ca\/\">Facturas<\/a><\/span>\n\t\t\t\t\t\t\t<\/div>\n\t\t\t\t\t\t\t\t\t\t\t<\/div>\n\t\t\t\t\t\t\t\t<div class=\"post_content isotope_item_content\">\n\t\t\t\t\t\n\t\t\t\t\t\t\t\t\t\t\t\t<h5 class=\"post_title\"><a href=\"https:\/\/adeyco.com\/ca\/impuesto-ambiental-sobre-los-envases-de-plastico-no-reutilizable\/\">Impuesto ambiental sobre los envases de  pl\u00e1stico no reutilizable<\/a><\/h5>\n\t\t\t\t\t\t\t<div class=\"post_info\">\n\t\t\t<span class=\"post_info_item post_info_posted\"> <a href=\"https:\/\/adeyco.com\/ca\/impuesto-ambiental-sobre-los-envases-de-plastico-no-reutilizable\/\" class=\"post_info_date\">13 de February de 2023<\/a><\/span>\n\t\t\t\t<span class=\"post_info_item post_info_counters\">\t<a class=\"post_counters_item post_counters_comments icon-comment-light\" title=\"Comments - 0\" href=\"https:\/\/adeyco.com\/ca\/impuesto-ambiental-sobre-los-envases-de-plastico-no-reutilizable\/#respond\"><span class=\"post_counters_number\">0<\/span> Comments<\/a>\n\t<\/span>\n\t\t<\/div>\n\t\t\t\t\t<div class=\"post_descr\">\n\t\t\t\t\t\t<p><\/p>\t\t\t\t\t<\/div>\n\n\t\t\t\t<\/div>\t\t\t\t<!-- \/.post_content -->\n\t\t\t<\/div>\t<!-- \/.post_item -->\n\t\t<\/div>\t\t\t\t\t\t<!-- \/.isotope_item -->\n\t\t\t\t<div class=\"isotope_item isotope_item_classic isotope_item_classic_3 isotope_column_3 \t\t\t\t\t\">\n\t\t\t<div class=\"post_item post_item_classic post_item_classic_3\t\t\t\t  post_format_gallery even\">\n\t\t\t\t\n\t\t\t\t\t\t\t\t\t<div class=\"post_featured\">\n\t\t\t\t\t\t\t<div class=\"post_thumb\" data-image=\"https:\/\/adeyco.com\/wp-content\/uploads\/2016\/04\/Asesoramiento-Fiscal-scaled.jpg\" data-title=\"Las facturas dirigidas a las administraciones p\u00fablicas deber\u00e1n ser electr\u00f3nicas\">\n\t<a class=\"hover_icon hover_icon_link\" href=\"https:\/\/adeyco.com\/ca\/broker-dealer-owner-indicated-in-17-million-dump-scheme\/\"><img loading=\"lazy\" decoding=\"async\" class=\"wp-post-image\" width=\"370\" height=\"270\" alt=\"Las facturas dirigidas a las administraciones p\u00fablicas deber\u00e1n ser electr\u00f3nicas\" src=\"https:\/\/adeyco.com\/wp-content\/uploads\/2016\/04\/Asesoramiento-Fiscal-scaled-370x270.jpg\"><\/a>\t<\/div>\n\t\t\t\t\t\t\t\t<div class=\"cat_post_info\"><span\n\t\t\t\t\t\t\t\t\tclass=\"post_categories\"><a class=\"category_link\" href=\"https:\/\/adeyco.com\/ca\/category\/facturas-ca\/\">Facturas<\/a><\/span>\n\t\t\t\t\t\t\t<\/div>\n\t\t\t\t\t\t\t\t\t\t\t<\/div>\n\t\t\t\t\t\t\t\t<div class=\"post_content isotope_item_content\">\n\t\t\t\t\t\n\t\t\t\t\t\t\t\t\t\t\t\t<h5 class=\"post_title\"><a href=\"https:\/\/adeyco.com\/ca\/broker-dealer-owner-indicated-in-17-million-dump-scheme\/\">Las facturas dirigidas a las administraciones p\u00fablicas deber\u00e1n ser electr\u00f3nicas<\/a><\/h5>\n\t\t\t\t\t\t\t<div class=\"post_info\">\n\t\t\t<span class=\"post_info_item post_info_posted\"> <a href=\"https:\/\/adeyco.com\/ca\/broker-dealer-owner-indicated-in-17-million-dump-scheme\/\" class=\"post_info_date\">9 de February de 2023<\/a><\/span>\n\t\t\t\t<span class=\"post_info_item post_info_counters\">\t<a class=\"post_counters_item post_counters_comments icon-comment-light\" title=\"Comments - 0\" href=\"https:\/\/adeyco.com\/ca\/broker-dealer-owner-indicated-in-17-million-dump-scheme\/#respond\"><span class=\"post_counters_number\">0<\/span> Comments<\/a>\n\t<\/span>\n\t\t<\/div>\n\t\t\t\t\t<div class=\"post_descr\">\n\t\t\t\t\t\t<p><\/p>\t\t\t\t\t<\/div>\n\n\t\t\t\t<\/div>\t\t\t\t<!-- \/.post_content -->\n\t\t\t<\/div>\t<!-- \/.post_item -->\n\t\t<\/div>\t\t\t\t\t\t<!-- \/.isotope_item -->\n\t\t\t\t<div class=\"isotope_item isotope_item_classic isotope_item_classic_3 isotope_column_3 \t\t\t\t\t\">\n\t\t\t<div class=\"post_item post_item_classic post_item_classic_3\t\t\t\t  post_format_gallery odd last\">\n\t\t\t\t\n\t\t\t\t\t\t\t\t\t<div class=\"post_featured\">\n\t\t\t\t\t\t\t<div class=\"post_thumb\" data-image=\"https:\/\/adeyco.com\/wp-content\/uploads\/2016\/04\/Asesoramiento-Laboral-scaled.jpg\" data-title=\"Proyecto de Ley Reforma IRPF\">\n\t<a class=\"hover_icon hover_icon_link\" href=\"https:\/\/adeyco.com\/ca\/proyecto-de-ley-reforma-irpf\/\"><img loading=\"lazy\" decoding=\"async\" class=\"wp-post-image\" width=\"370\" height=\"270\" alt=\"Proyecto de Ley Reforma IRPF\" src=\"https:\/\/adeyco.com\/wp-content\/uploads\/2016\/04\/Asesoramiento-Laboral-scaled-370x270.jpg\"><\/a>\t<\/div>\n\t\t\t\t\t\t\t\t<div class=\"cat_post_info\"><span\n\t\t\t\t\t\t\t\t\tclass=\"post_categories\"><a class=\"category_link\" href=\"https:\/\/adeyco.com\/ca\/category\/irpf-ca\/\">IRPF<\/a><\/span>\n\t\t\t\t\t\t\t<\/div>\n\t\t\t\t\t\t\t\t\t\t\t<\/div>\n\t\t\t\t\t\t\t\t<div class=\"post_content isotope_item_content\">\n\t\t\t\t\t\n\t\t\t\t\t\t\t\t\t\t\t\t<h5 class=\"post_title\"><a href=\"https:\/\/adeyco.com\/ca\/proyecto-de-ley-reforma-irpf\/\">Proyecto de Ley Reforma IRPF<\/a><\/h5>\n\t\t\t\t\t\t\t<div class=\"post_info\">\n\t\t\t<span class=\"post_info_item post_info_posted\"> <a href=\"https:\/\/adeyco.com\/ca\/proyecto-de-ley-reforma-irpf\/\" class=\"post_info_date\">17 de January de 2023<\/a><\/span>\n\t\t\t\t<span class=\"post_info_item post_info_counters\">\t<a class=\"post_counters_item post_counters_comments icon-comment-light\" title=\"Comments - 0\" href=\"https:\/\/adeyco.com\/ca\/proyecto-de-ley-reforma-irpf\/#respond\"><span class=\"post_counters_number\">0<\/span> Comments<\/a>\n\t<\/span>\n\t\t<\/div>\n\t\t\t\t\t<div class=\"post_descr\">\n\t\t\t\t\t\t<p><\/p>\t\t\t\t\t<\/div>\n\n\t\t\t\t<\/div>\t\t\t\t<!-- \/.post_content -->\n\t\t\t<\/div>\t<!-- \/.post_item -->\n\t\t<\/div>\t\t\t\t\t\t<!-- \/.isotope_item -->\n\t\t<\/div><\/div>[\/vc_column][\/vc_row]<\/p>\n<\/div>","protected":false},"excerpt":{"rendered":"<p>[vc_row full_width=&#8221;stretch_row_content_no_spaces&#8221; css=&#8221;.vc_custom_1674460727240{padding-right: 20px !important;padding-left: 20px !important;background-color: #fafafa !important;}&#8221;][vc_column][vc_empty_space height=&#8221;1.8em&#8221;][\/vc_column][\/vc_row][vc_row full_width=&#8221;stretch_row&#8221; inverse=&#8221;&#8221; css=&#8221;.vc_custom_1674464714143{background-color: #ffffff !important;}&#8221;][vc_column][vc_empty_space height=&#8221;50px&#8221;][\/vc_column][\/vc_row]<\/p>\n","protected":false},"author":1,"featured_media":0,"parent":0,"menu_order":0,"comment_status":"closed","ping_status":"closed","template":"","meta":{"footnotes":""},"class_list":["post-1731","page","type-page","status-publish","hentry"],"aioseo_notices":[],"_links":{"self":[{"href":"https:\/\/adeyco.com\/ca\/wp-json\/wp\/v2\/pages\/1731","targetHints":{"allow":["GET"]}}],"collection":[{"href":"https:\/\/adeyco.com\/ca\/wp-json\/wp\/v2\/pages"}],"about":[{"href":"https:\/\/adeyco.com\/ca\/wp-json\/wp\/v2\/types\/page"}],"author":[{"embeddable":true,"href":"https:\/\/adeyco.com\/ca\/wp-json\/wp\/v2\/users\/1"}],"replies":[{"embeddable":true,"href":"https:\/\/adeyco.com\/ca\/wp-json\/wp\/v2\/comments?post=1731"}],"version-history":[{"count":4,"href":"https:\/\/adeyco.com\/ca\/wp-json\/wp\/v2\/pages\/1731\/revisions"}],"predecessor-version":[{"id":1735,"href":"https:\/\/adeyco.com\/ca\/wp-json\/wp\/v2\/pages\/1731\/revisions\/1735"}],"wp:attachment":[{"href":"https:\/\/adeyco.com\/ca\/wp-json\/wp\/v2\/media?parent=1731"}],"curies":[{"name":"wp","href":"https:\/\/api.w.org\/{rel}","templated":true}]}}